{"id":1331,"date":"2024-01-17T22:01:19","date_gmt":"2024-01-17T22:01:19","guid":{"rendered":"https:\/\/autocaresreboleira.com\/aviso-legal\/"},"modified":"2024-03-14T11:58:22","modified_gmt":"2024-03-14T11:58:22","slug":"aviso-legal","status":"publish","type":"page","link":"https:\/\/autocaresreboleira.com\/gl\/aviso-legal\/","title":{"rendered":"Aviso legal"},"content":{"rendered":"\n<h2 class=\"wp-block-heading\">Pol\u00edtica de Privacidade<\/h2>\n\n<div style=\"height:24px\" aria-hidden=\"true\" class=\"wp-block-spacer\"><\/div>\n\n<p>AUTOCARES JUANMA SL, responsable do sitio web, en diante RESPONSABLE, pon a disposici\u00f3n dos usuarios este documento, co cal pretende dar cumprimento \u00e1s obrigas establecidas na Lei 34\/2002, do 11 de xullo, de Servizos \u00e1s Empresas de Informaci\u00f3n e Comercio Electr\u00f3nico ( LSSICE), BOE no 166, as\u00ed como informar a todos os usuarios do sitio web sobre as condici\u00f3ns de uso.<\/p>\n\n<p>Calquera persoa que acceda a este sitio web asume a funci\u00f3n de usuario, compromet\u00e9ndose ao estricto cumprimento e cumprimento das disposici\u00f3ns aqu\u00ed establecidas, as\u00ed como de calquera outra disposici\u00f3n legal que resulte de aplicaci\u00f3n.<\/p>\n\n<p>AUTOCARES JUANMA SL res\u00e9rvase o dereito a modificar calquera tipo de informaci\u00f3n que puidese aparecer na p\u00e1xina web, sen que exista obriga de comunicar ou po\u00f1er en co\u00f1ecemento dos usuarios as devanditas obrigas, entend\u00e9ndose como suficiente a publicaci\u00f3n na web de AUTOCARES JUANMA. .<\/p>\n\n<p><strong>1. DATOS IDENTIFICATIVOS<\/strong><\/p>\n\n<p> Nome de dominio: www.autocaresjuanma.com<br\/> Nome comercial: AUTOCARES JUANMA<br\/>  Raz\u00f3n social: AUTOCARES JUANMA SL<br\/> CIF: D47545888<br\/> Domicilio social: Pol\u00edgono Industrial Francisco Lobato Cami\u00f1o Sendero San Cristobal S\/N 47400 Medina del Campo (Valladolid)<br\/> Tel\u00e9fono: 983 80129<br\/> Correo electr\u00f3nico: <a href=\"mailto:info@autocaresjuanma.com\" target=\"_blank\" rel=\"noreferrer noopener\">info@autocaresjuanma.com<\/a><br\/>  Inscrita no Rexistro (Comercial\/P\u00fablico):<\/p>\n\n<p><strong>2. DEREITOS DE PROPIEDADE INTELECTUAL E INDUSTRIAL<\/strong><\/p>\n\n<p>O sitio web, inclu\u00edndo pero non limitado \u00e1 s\u00faa programaci\u00f3n, edici\u00f3n, compilaci\u00f3n e demais elementos necesarios para o seu funcionamento, os dese\u00f1os, logotipos, texto e\/ou gr\u00e1ficos, son propiedade do RESPONSABLE ou, se \u00e9 o caso, disp\u00f3n de licenza. autorizaci\u00f3n expresa dos autores. Todos os contidos do sitio web est\u00e1n debidamente protexidos pola normativa de propiedade intelectual e industrial, as\u00ed como inscritos nos correspondentes rexistros p\u00fablicos. Independentemente da finalidade para a que fosen destinados, a reproduci\u00f3n total ou parcial, uso, explotaci\u00f3n, distribuci\u00f3n e comercializaci\u00f3n, require en todo caso a autorizaci\u00f3n previa por escrito do RESPONSABLE. Calquera uso non autorizado previamente consid\u00e9rase un incumprimento grave dos dereitos de propiedade intelectual ou industrial do autor.<\/p>\n\n<p>Os dese\u00f1os, logotipos, textos e\/ou gr\u00e1ficos distintos do RESPONSABLE e que poidan aparecer na p\u00e1xina web pertencen aos seus respectivos propietarios, sendo eles mesmos os responsables das posibles controversias que poidan xurdir sobre eles. O RESPONSABLE autoriza expresamente a que terceiros poidan redirixir directamente aos contidos concretos do sitio web, e en todo caso redirixir ao sitio web principal.<\/p>\n\n<p>O RESPONSABLE reco\u00f1ece os correspondentes dereitos de propiedade intelectual e industrial a favor dos seus titulares, e a s\u00faa mera menci\u00f3n ou aparici\u00f3n no sitio web non implica a existencia de ning\u00fan dereito ou responsabilidade sobre os mesmos, nin implica aval, patrocinio ou recomendaci\u00f3n por parte dos mesmos. . .<\/p>\n\n<p>Para realizar calquera tipo de observaci\u00f3n sobre posibles incumprimentos dos dereitos de propiedade intelectual ou industrial, as\u00ed como sobre calquera dos contidos da p\u00e1xina web, pode facelo a trav\u00e9s do correo electr\u00f3nico <a href=\"mailto:info@autocaresjuanma.com\" target=\"_blank\" rel=\"noreferrer noopener\">info@autocaresjuanma.com<\/a><\/p>\n\n<p><strong>3. EXENCI\u00d3N DE RESPONSABILIDADE<\/strong><\/p>\n\n<p>O RESPONSABLE queda exento de calquera tipo de responsabilidade derivada da informaci\u00f3n publicada na s\u00faa p\u00e1xina web sempre que esta informaci\u00f3n fose manipulada ou introducida por un terceiro alleo a ela.<\/p>\n\n<p><strong>Uso de Cookies<\/strong><\/p>\n\n<p>Este sitio web pode utilizar cookies t\u00e9cnicas (pequenos ficheiros de informaci\u00f3n que o servidor env\u00eda ao ordenador da persoa que accede \u00e1 p\u00e1xina) para realizar determinadas funci\u00f3ns que se consideran imprescindibles para o correcto funcionamento e visualizaci\u00f3n do sitio. As cookies utilizadas te\u00f1en, en todo caso, car\u00e1cter temporal, coa \u00fanica finalidade de facer m\u00e1is eficiente a navegaci\u00f3n, e desaparecen ao finalizar a sesi\u00f3n do usuario. En ning\u00fan caso estas cookies proporcionan datos persoais por si mesmas e non se utilizar\u00e1n para recollelos.<\/p>\n\n<p>Mediante o uso de cookies, tam\u00e9n \u00e9 posible que o servidor onde se atopa o sitio web reco\u00f1eza o navegador utilizado polo usuario co fin de facilitar a navegaci\u00f3n, permitindo, por exemplo, o acceso dos usuarios que se rexistraron previamente \u00e1s \u00e1reas, servizos. , promoci\u00f3ns ou concursos reservados exclusivamente para eles sen necesidade de rexistrarse en cada visita. Tam\u00e9n se poden utilizar para medir a audiencia, os par\u00e1metros de tr\u00e1fico, controlar o progreso e o n\u00famero de entradas, etc., nestes casos as cookies son tecnicamente prescindibles pero beneficiosas para o usuario. Este sitio web non instalar\u00e1 cookies prescindibles sen o consentimento previo do usuario.<\/p>\n\n<p>Este sitio web utiliza cookies anal\u00edticas (_ga ou _utm) propiedade de Google Analytics, persistentes durante 2 anos, para habilitar a funci\u00f3n \u00fanica de control de visitas co fin de facilitar a s\u00faa navegaci\u00f3n. Todo usuario que visita o sitio web \u00e9 informado do uso destas cookies mediante un banner flotante, considerando que se contin\u00faa navegando acepta o seu uso. Se acepta o seu uso, o banner desaparecer\u00e1, a\u00ednda que pode revogar o seu consentimento en calquera momento e obter m\u00e1is informaci\u00f3n consultando a nosa Pol\u00edtica de Cookies.<\/p>\n\n<p>O usuario ten a posibilidade de configurar o seu navegador para ser avisado cando se reciban cookies e impedir a s\u00faa instalaci\u00f3n no seu ordenador. Consulta as instruci\u00f3ns do teu navegador para obter m\u00e1is informaci\u00f3n.<\/p>\n\n<p><strong>Pol\u00edtica de ligaz\u00f3ns<\/strong><\/p>\n\n<p>Desde o sitio web, pode ser redirixido a contido en sitios web de terceiros. Dado que o RESPONSABLE non pode controlar sempre os contidos introducidos por terceiros nos seus respectivos sitios web, non asume ning\u00fan tipo de responsabilidade respecto dos devanditos contidos. En todo caso, proceder\u00e1 \u00e1 retirada inmediata de calquera contido que poida contravenir a lexislaci\u00f3n nacional ou internacional, a moral ou a orde p\u00fablica, procedendo \u00e1 retirada inmediata da redirecci\u00f3n ao devandito sitio web, po\u00f1endo o contido en co\u00f1ecemento das autoridades competentes. en cuesti\u00f3n.<\/p>\n\n<p>O RESPONSABLE non se fai responsable da informaci\u00f3n e contidos almacenados, a t\u00edtulo enunciativo pero non limitativo, en foros, chats, xeradores de blogs, comentarios, redes sociais ou calquera outro medio que permita a terceiros publicar contidos de forma independente na p\u00e1xina web. o RESPONSABLE. Non obstante, e en cumprimento do disposto nos artigos 11 e 16 da LSSICE, ponse a disposici\u00f3n de todos os usuarios, autoridades e forzas de seguridade, colaborando activamente na retirada ou, no seu caso, no bloqueo de todos aqueles contidos que poidan afectar ou contravenir. lexislaci\u00f3n nacional ou internacional, os dereitos de terceiros ou a moral e a orde p\u00fablica. Se o usuario considera que existe alg\u00fan contido no sitio web susceptible de ser susceptible a esta clasificaci\u00f3n, comun\u00edquese inmediatamente ao administrador do sitio web.<\/p>\n\n<p>Este sitio web foi revisado e probado para funcionar correctamente. En principio, p\u00f3dese garantir o correcto funcionamento os 365 d\u00edas do ano, as 24 horas do d\u00eda. Non obstante, o RESPONSABLE non descarta a posibilidade de que existan determinados erros de programaci\u00f3n, ou que se produzan causas de forza maior, cat\u00e1strofes naturais, folgas ou circunstancias similares que imposibiliten o acceso ao sitio web.<\/p>\n\n<p><strong>enderezos IP<\/strong><\/p>\n\n<p>Os servidores do sitio web poden detectar automaticamente o enderezo IP e o nome de dominio utilizados polo usuario. Un enderezo IP \u00e9 un n\u00famero asignado automaticamente a un ordenador cando se conecta a Internet. Toda esta informaci\u00f3n queda rexistrada nun ficheiro de actividade do servidor debidamente rexistrado que permite o posterior tratamento dos datos co fin de obter s\u00f3 medici\u00f3ns estat\u00edsticas que permitan co\u00f1ecer o n\u00famero de impresi\u00f3ns de p\u00e1xina, o n\u00famero de visitas realizadas aos servidores web, a orde de visitas. , o punto de acceso, etc.<\/p>\n\n<p><strong>4. LEI APLICABLE E XURISDICCI\u00d3N<\/strong><\/p>\n\n<p>Para a resoluci\u00f3n de todas as controversias ou cuesti\u00f3ns relacionadas con este sitio web ou coas actividades que nel se desenvolvan, aplicarase a lexislaci\u00f3n espa\u00f1ola, \u00e1 que se someten expresamente as partes, sendo competentes para a resoluci\u00f3n de todos os conflitos derivados ou relacionados co seu uso os Xulgados e Tribunais. m\u00e1is pr\u00f3ximo a MEDINA DEL CAMPO.<\/p>\n","protected":false},"excerpt":{"rendered":"<p>Pol\u00edtica de Privacidade AUTOCARES JUANMA SL, responsable do sitio web, en diante RESPONSABLE, pon a disposici\u00f3n dos usuarios este documento, co cal pretende dar cumprimento \u00e1s obrigas establecidas na Lei 34\/2002, do 11 de xullo, de Servizos \u00e1s Empresas de Informaci\u00f3n e Comercio Electr\u00f3nico ( LSSICE), BOE no 166, as\u00ed como informar a todos os [&hellip;]<\/p>\n","protected":false},"author":1,"featured_media":0,"parent":0,"menu_order":0,"comment_status":"closed","ping_status":"closed","template":"","meta":{"site-sidebar-layout":"default","site-content-layout":"","ast-site-content-layout":"default","site-content-style":"default","site-sidebar-style":"default","ast-global-header-display":"","ast-banner-title-visibility":"","ast-main-header-display":"","ast-hfb-above-header-display":"","ast-hfb-below-header-display":"","ast-hfb-mobile-header-display":"","site-post-title":"","ast-breadcrumbs-content":"","ast-featured-img":"","footer-sml-layout":"","theme-transparent-header-meta":"","adv-header-id-meta":"","stick-header-meta":"","header-above-stick-meta":"","header-main-stick-meta":"","header-below-stick-meta":"","astra-migrate-meta-layouts":"default","ast-page-background-enabled":"default","ast-page-background-meta":{"desktop":{"background-color":"","background-image":"","background-repeat":"repeat","background-position":"center center","background-size":"auto","background-attachment":"scroll","background-type":"","background-media":"","overlay-type":"","overlay-color":"","overlay-opacity":"","overlay-gradient":""},"tablet":{"background-color":"","background-image":"","background-repeat":"repeat","background-position":"center center","background-size":"auto","background-attachment":"scroll","background-type":"","background-media":"","overlay-type":"","overlay-color":"","overlay-opacity":"","overlay-gradient":""},"mobile":{"background-color":"","background-image":"","background-repeat":"repeat","background-position":"center center","background-size":"auto","background-attachment":"scroll","background-type":"","background-media":"","overlay-type":"","overlay-color":"","overlay-opacity":"","overlay-gradient":""}},"ast-content-background-meta":{"desktop":{"background-color":"var(--ast-global-color-5)","background-image":"","background-repeat":"repeat","background-position":"center center","background-size":"auto","background-attachment":"scroll","background-type":"","background-media":"","overlay-type":"","overlay-color":"","overlay-opacity":"","overlay-gradient":""},"tablet":{"background-color":"var(--ast-global-color-5)","background-image":"","background-repeat":"repeat","background-position":"center center","background-size":"auto","background-attachment":"scroll","background-type":"","background-media":"","overlay-type":"","overlay-color":"","overlay-opacity":"","overlay-gradient":""},"mobile":{"background-color":"var(--ast-global-color-5)","background-image":"","background-repeat":"repeat","background-position":"center center","background-size":"auto","background-attachment":"scroll","background-type":"","background-media":"","overlay-type":"","overlay-color":"","overlay-opacity":"","overlay-gradient":""}},"footnotes":""},"class_list":["post-1331","page","type-page","status-publish","hentry"],"yoast_head":"<!-- This site is optimized with the Yoast SEO plugin v25.9 - https:\/\/yoast.com\/wordpress\/plugins\/seo\/ -->\n<title>Aviso legal - Autocares Reboleira<\/title>\n<meta name=\"robots\" content=\"index, follow, max-snippet:-1, max-image-preview:large, max-video-preview:-1\" \/>\n<link rel=\"canonical\" href=\"https:\/\/autocaresreboleira.com\/gl\/aviso-legal\/\" \/>\n<meta property=\"og:locale\" content=\"gl_ES\" \/>\n<meta property=\"og:type\" content=\"article\" \/>\n<meta property=\"og:title\" content=\"Aviso legal - Autocares Reboleira\" \/>\n<meta property=\"og:description\" content=\"Pol\u00edtica de Privacidade AUTOCARES JUANMA SL, responsable do sitio web, en diante RESPONSABLE, pon a disposici\u00f3n dos usuarios este documento, co cal pretende dar cumprimento \u00e1s obrigas establecidas na Lei 34\/2002, do 11 de xullo, de Servizos \u00e1s Empresas de Informaci\u00f3n e Comercio Electr\u00f3nico ( LSSICE), BOE no 166, as\u00ed como informar a todos os [&hellip;]\" \/>\n<meta property=\"og:url\" content=\"https:\/\/autocaresreboleira.com\/gl\/aviso-legal\/\" \/>\n<meta property=\"og:site_name\" content=\"Autocares Reboleira\" \/>\n<meta property=\"article:modified_time\" content=\"2024-03-14T11:58:22+00:00\" \/>\n<meta name=\"twitter:card\" content=\"summary_large_image\" \/>\n<meta name=\"twitter:label1\" content=\"Tempo de lectura\" \/>\n\t<meta name=\"twitter:data1\" content=\"7 minutos\" \/>\n<script type=\"application\/ld+json\" class=\"yoast-schema-graph\">{\"@context\":\"https:\/\/schema.org\",\"@graph\":[{\"@type\":\"WebPage\",\"@id\":\"https:\/\/autocaresreboleira.com\/gl\/aviso-legal\/\",\"url\":\"https:\/\/autocaresreboleira.com\/gl\/aviso-legal\/\",\"name\":\"Aviso legal - Autocares Reboleira\",\"isPartOf\":{\"@id\":\"https:\/\/autocaresreboleira.com\/#website\"},\"datePublished\":\"2024-01-17T22:01:19+00:00\",\"dateModified\":\"2024-03-14T11:58:22+00:00\",\"breadcrumb\":{\"@id\":\"https:\/\/autocaresreboleira.com\/gl\/aviso-legal\/#breadcrumb\"},\"inLanguage\":\"gl-ES\",\"potentialAction\":[{\"@type\":\"ReadAction\",\"target\":[\"https:\/\/autocaresreboleira.com\/gl\/aviso-legal\/\"]}]},{\"@type\":\"BreadcrumbList\",\"@id\":\"https:\/\/autocaresreboleira.com\/gl\/aviso-legal\/#breadcrumb\",\"itemListElement\":[{\"@type\":\"ListItem\",\"position\":1,\"name\":\"Portada\",\"item\":\"https:\/\/autocaresreboleira.com\/\"},{\"@type\":\"ListItem\",\"position\":2,\"name\":\"Aviso legal\"}]},{\"@type\":\"WebSite\",\"@id\":\"https:\/\/autocaresreboleira.com\/#website\",\"url\":\"https:\/\/autocaresreboleira.com\/\",\"name\":\"Autocares Reboleira\",\"description\":\"Sitio web de Autocares Reboleira\",\"publisher\":{\"@id\":\"https:\/\/autocaresreboleira.com\/#organization\"},\"potentialAction\":[{\"@type\":\"SearchAction\",\"target\":{\"@type\":\"EntryPoint\",\"urlTemplate\":\"https:\/\/autocaresreboleira.com\/?s={search_term_string}\"},\"query-input\":{\"@type\":\"PropertyValueSpecification\",\"valueRequired\":true,\"valueName\":\"search_term_string\"}}],\"inLanguage\":\"gl-ES\"},{\"@type\":\"Organization\",\"@id\":\"https:\/\/autocaresreboleira.com\/#organization\",\"name\":\"Autocares Reboleira\",\"url\":\"https:\/\/autocaresreboleira.com\/\",\"logo\":{\"@type\":\"ImageObject\",\"inLanguage\":\"gl-ES\",\"@id\":\"https:\/\/autocaresreboleira.com\/#\/schema\/logo\/image\/\",\"url\":\"https:\/\/autocaresreboleira.com\/wp-content\/uploads\/2024\/01\/before-after-3-e1705561598325.png\",\"contentUrl\":\"https:\/\/autocaresreboleira.com\/wp-content\/uploads\/2024\/01\/before-after-3-e1705561598325.png\",\"width\":219,\"height\":113,\"caption\":\"Autocares Reboleira\"},\"image\":{\"@id\":\"https:\/\/autocaresreboleira.com\/#\/schema\/logo\/image\/\"}}]}<\/script>\n<!-- \/ Yoast SEO plugin. -->","yoast_head_json":{"title":"Aviso legal - Autocares Reboleira","robots":{"index":"index","follow":"follow","max-snippet":"max-snippet:-1","max-image-preview":"max-image-preview:large","max-video-preview":"max-video-preview:-1"},"canonical":"https:\/\/autocaresreboleira.com\/gl\/aviso-legal\/","og_locale":"gl_ES","og_type":"article","og_title":"Aviso legal - Autocares Reboleira","og_description":"Pol\u00edtica de Privacidade AUTOCARES JUANMA SL, responsable do sitio web, en diante RESPONSABLE, pon a disposici\u00f3n dos usuarios este documento, co cal pretende dar cumprimento \u00e1s obrigas establecidas na Lei 34\/2002, do 11 de xullo, de Servizos \u00e1s Empresas de Informaci\u00f3n e Comercio Electr\u00f3nico ( LSSICE), BOE no 166, as\u00ed como informar a todos os [&hellip;]","og_url":"https:\/\/autocaresreboleira.com\/gl\/aviso-legal\/","og_site_name":"Autocares Reboleira","article_modified_time":"2024-03-14T11:58:22+00:00","twitter_card":"summary_large_image","twitter_misc":{"Tempo de lectura":"7 minutos"},"schema":{"@context":"https:\/\/schema.org","@graph":[{"@type":"WebPage","@id":"https:\/\/autocaresreboleira.com\/gl\/aviso-legal\/","url":"https:\/\/autocaresreboleira.com\/gl\/aviso-legal\/","name":"Aviso legal - Autocares Reboleira","isPartOf":{"@id":"https:\/\/autocaresreboleira.com\/#website"},"datePublished":"2024-01-17T22:01:19+00:00","dateModified":"2024-03-14T11:58:22+00:00","breadcrumb":{"@id":"https:\/\/autocaresreboleira.com\/gl\/aviso-legal\/#breadcrumb"},"inLanguage":"gl-ES","potentialAction":[{"@type":"ReadAction","target":["https:\/\/autocaresreboleira.com\/gl\/aviso-legal\/"]}]},{"@type":"BreadcrumbList","@id":"https:\/\/autocaresreboleira.com\/gl\/aviso-legal\/#breadcrumb","itemListElement":[{"@type":"ListItem","position":1,"name":"Portada","item":"https:\/\/autocaresreboleira.com\/"},{"@type":"ListItem","position":2,"name":"Aviso legal"}]},{"@type":"WebSite","@id":"https:\/\/autocaresreboleira.com\/#website","url":"https:\/\/autocaresreboleira.com\/","name":"Autocares Reboleira","description":"Sitio web de Autocares Reboleira","publisher":{"@id":"https:\/\/autocaresreboleira.com\/#organization"},"potentialAction":[{"@type":"SearchAction","target":{"@type":"EntryPoint","urlTemplate":"https:\/\/autocaresreboleira.com\/?s={search_term_string}"},"query-input":{"@type":"PropertyValueSpecification","valueRequired":true,"valueName":"search_term_string"}}],"inLanguage":"gl-ES"},{"@type":"Organization","@id":"https:\/\/autocaresreboleira.com\/#organization","name":"Autocares Reboleira","url":"https:\/\/autocaresreboleira.com\/","logo":{"@type":"ImageObject","inLanguage":"gl-ES","@id":"https:\/\/autocaresreboleira.com\/#\/schema\/logo\/image\/","url":"https:\/\/autocaresreboleira.com\/wp-content\/uploads\/2024\/01\/before-after-3-e1705561598325.png","contentUrl":"https:\/\/autocaresreboleira.com\/wp-content\/uploads\/2024\/01\/before-after-3-e1705561598325.png","width":219,"height":113,"caption":"Autocares Reboleira"},"image":{"@id":"https:\/\/autocaresreboleira.com\/#\/schema\/logo\/image\/"}}]}},"_links":{"self":[{"href":"https:\/\/autocaresreboleira.com\/gl\/wp-json\/wp\/v2\/pages\/1331","targetHints":{"allow":["GET"]}}],"collection":[{"href":"https:\/\/autocaresreboleira.com\/gl\/wp-json\/wp\/v2\/pages"}],"about":[{"href":"https:\/\/autocaresreboleira.com\/gl\/wp-json\/wp\/v2\/types\/page"}],"author":[{"embeddable":true,"href":"https:\/\/autocaresreboleira.com\/gl\/wp-json\/wp\/v2\/users\/1"}],"replies":[{"embeddable":true,"href":"https:\/\/autocaresreboleira.com\/gl\/wp-json\/wp\/v2\/comments?post=1331"}],"version-history":[{"count":6,"href":"https:\/\/autocaresreboleira.com\/gl\/wp-json\/wp\/v2\/pages\/1331\/revisions"}],"predecessor-version":[{"id":1402,"href":"https:\/\/autocaresreboleira.com\/gl\/wp-json\/wp\/v2\/pages\/1331\/revisions\/1402"}],"wp:attachment":[{"href":"https:\/\/autocaresreboleira.com\/gl\/wp-json\/wp\/v2\/media?parent=1331"}],"curies":[{"name":"wp","href":"https:\/\/api.w.org\/{rel}","templated":true}]}}