{"id":1330,"date":"2024-01-18T10:56:41","date_gmt":"2024-01-18T10:56:41","guid":{"rendered":"https:\/\/autocaresreboleira.com\/camino-de-santiago\/"},"modified":"2024-03-14T11:59:00","modified_gmt":"2024-03-14T11:59:00","slug":"camino-de-santiago","status":"publish","type":"page","link":"https:\/\/autocaresreboleira.com\/gl\/camino-de-santiago\/","title":{"rendered":"Traslado de peregrinos"},"content":{"rendered":"\t\t<div data-elementor-type=\"wp-post\" data-elementor-id=\"1330\" class=\"elementor elementor-1330\">\n\t\t\t\t\t\t<section class=\"elementor-section elementor-top-section elementor-element elementor-element-0b5b359 elementor-section-content-middle elementor-section-boxed elementor-section-height-default elementor-section-height-default\" data-id=\"0b5b359\" data-element_type=\"section\" data-settings=\"{&quot;background_background&quot;:&quot;classic&quot;}\">\n\t\t\t\t\t\t\t<div class=\"elementor-background-overlay\"><\/div>\n\t\t\t\t\t\t\t<div class=\"elementor-container elementor-column-gap-no\">\n\t\t\t\t\t<div class=\"elementor-column elementor-col-100 elementor-top-column elementor-element elementor-element-7e89419\" data-id=\"7e89419\" data-element_type=\"column\">\n\t\t\t<div class=\"elementor-widget-wrap elementor-element-populated\">\n\t\t\t\t\t\t<div class=\"elementor-element elementor-element-434ec06 elementor-widget elementor-widget-heading\" data-id=\"434ec06\" data-element_type=\"widget\" data-widget_type=\"heading.default\">\n\t\t\t\t<div class=\"elementor-widget-container\">\n\t\t\t\t\t<h1 class=\"elementor-heading-title elementor-size-default\">Santiago - Sarria<\/h1>\t\t\t\t<\/div>\n\t\t\t\t<\/div>\n\t\t\t\t\t<\/div>\n\t\t<\/div>\n\t\t\t\t\t<\/div>\n\t\t<\/section>\n\t\t\t\t<section class=\"elementor-section elementor-top-section elementor-element elementor-element-0de6b99 elementor-section-content-middle elementor-section-boxed elementor-section-height-default elementor-section-height-default\" data-id=\"0de6b99\" data-element_type=\"section\">\n\t\t\t\t\t\t<div class=\"elementor-container elementor-column-gap-no\">\n\t\t\t\t\t<div class=\"elementor-column elementor-col-50 elementor-top-column elementor-element elementor-element-ab6ffbd\" data-id=\"ab6ffbd\" data-element_type=\"column\">\n\t\t\t<div class=\"elementor-widget-wrap elementor-element-populated\">\n\t\t\t\t\t\t<div class=\"elementor-element elementor-element-ca79ae4 elementor-widget elementor-widget-uael-infobox\" data-id=\"ca79ae4\" data-element_type=\"widget\" data-widget_type=\"uael-infobox.default\">\n\t\t\t\t<div class=\"elementor-widget-container\">\n\t\t\t\t\t\n<div class=\"uael-module-content uael-infobox  uael-infobox-left  uael-infobox-link-type-none\">\n\t<div class=\"uael-infobox-left-right-wrap\">\n\t\t\t\t\t\t<div class=\"uael-infobox-content\">\n\t\t\t\t\t\t<div class='uael-infobox-title-wrap'><h3 class=\"uael-infobox-title-prefix elementor-inline-editing\" data-elementor-setting-key=\"infobox_title_prefix\" data-elementor-inline-editing-toolbar=\"basic\" >Lev\u00e1moste a<\/h3><h2 class=\"uael-infobox-title elementor-inline-editing\" data-elementor-setting-key=\"infobox_title\" data-elementor-inline-editing-toolbar=\"basic\" >Sarria<\/h2><\/div>\t\t\t\t\t\t\t\t\t<div class=\"uael-infobox-text-wrap\">\n\t\t\t\t<div class=\"uael-infobox-text elementor-inline-editing\" data-elementor-setting-key=\"infobox_description\" data-elementor-inline-editing-toolbar=\"advanced\">\n\t\t\t\t\tCando emprendes o Cami\u00f1o de Santiago, a comodidade e a facilidade nas t\u00faas viaxes son imprescindibles. Por iso, ofrec\u00e9mosche un servizo de transporte especializado que che leva desde o aeroporto de Santiago de Compostela ata Sarria, un dos puntos de partida m\u00e1is populares do Cami\u00f1o de Santiago.\t\t\t\t<\/div>\n\t\t\t\t\t\n\t\t\t\t\t\t\t<\/div>\n\t\t<\/div>\n\t\t\t<\/div>\n<\/div>\n\t\t\t\t<\/div>\n\t\t\t\t<\/div>\n\t\t\t\t\t<\/div>\n\t\t<\/div>\n\t\t\t\t<div class=\"elementor-column elementor-col-50 elementor-top-column elementor-element elementor-element-07d16b2\" data-id=\"07d16b2\" data-element_type=\"column\">\n\t\t\t<div class=\"elementor-widget-wrap\">\n\t\t\t\t\t\t\t<\/div>\n\t\t<\/div>\n\t\t\t\t\t<\/div>\n\t\t<\/section>\n\t\t\t\t<section class=\"elementor-section elementor-top-section elementor-element elementor-element-5d9ffbf elementor-section-content-top elementor-section-boxed elementor-section-height-default elementor-section-height-default\" data-id=\"5d9ffbf\" data-element_type=\"section\">\n\t\t\t\t\t\t<div class=\"elementor-container elementor-column-gap-no\">\n\t\t\t\t\t<div class=\"elementor-column elementor-col-50 elementor-top-column elementor-element elementor-element-fdaa552\" data-id=\"fdaa552\" data-element_type=\"column\">\n\t\t\t<div class=\"elementor-widget-wrap elementor-element-populated\">\n\t\t\t\t\t\t<div class=\"elementor-element elementor-element-21e8664 elementor-widget elementor-widget-image\" data-id=\"21e8664\" data-element_type=\"widget\" data-widget_type=\"image.default\">\n\t\t\t\t<div class=\"elementor-widget-container\">\n\t\t\t\t\t\t\t\t\t\t\t\t\t\t\t<img fetchpriority=\"high\" decoding=\"async\" width=\"585\" height=\"650\" src=\"https:\/\/autocaresreboleira.com\/wp-content\/uploads\/2024\/01\/Diseno-sin-titulo-56.jpg\" class=\"attachment-large size-large wp-image-1148\" alt=\"\" srcset=\"https:\/\/autocaresreboleira.com\/wp-content\/uploads\/2024\/01\/Diseno-sin-titulo-56.jpg 585w, https:\/\/autocaresreboleira.com\/wp-content\/uploads\/2024\/01\/Diseno-sin-titulo-56-270x300.jpg 270w\" sizes=\"(max-width: 585px) 100vw, 585px\" \/>\t\t\t\t\t\t\t\t\t\t\t\t\t\t\t<\/div>\n\t\t\t\t<\/div>\n\t\t\t\t<div class=\"elementor-element elementor-element-4de7045 elementor-align-center elementor-widget elementor-widget-button\" data-id=\"4de7045\" data-element_type=\"widget\" data-widget_type=\"button.default\">\n\t\t\t\t<div class=\"elementor-widget-container\">\n\t\t\t\t\t\t\t\t\t<div class=\"elementor-button-wrapper\">\n\t\t\t\t\t<a class=\"elementor-button elementor-button-link elementor-size-xl\" href=\"http:\/\/Contacto\">\n\t\t\t\t\t\t<span class=\"elementor-button-content-wrapper\">\n\t\t\t\t\t\t\t\t\t<span class=\"elementor-button-text\">Reserva<\/span>\n\t\t\t\t\t<\/span>\n\t\t\t\t\t<\/a>\n\t\t\t\t<\/div>\n\t\t\t\t\t\t\t\t<\/div>\n\t\t\t\t<\/div>\n\t\t\t\t\t<\/div>\n\t\t<\/div>\n\t\t\t\t<div class=\"elementor-column elementor-col-50 elementor-top-column elementor-element elementor-element-3dfdab4\" data-id=\"3dfdab4\" data-element_type=\"column\">\n\t\t\t<div class=\"elementor-widget-wrap elementor-element-populated\">\n\t\t\t\t\t\t<div class=\"elementor-element elementor-element-7943b95 elementor-drop-cap-yes elementor-drop-cap-view-default elementor-widget elementor-widget-text-editor\" data-id=\"7943b95\" data-element_type=\"widget\" data-settings=\"{&quot;drop_cap&quot;:&quot;yes&quot;}\" data-widget_type=\"text-editor.default\">\n\t\t\t\t<div class=\"elementor-widget-container\">\n\t\t\t\t\t\t\t\t\t<p><strong>Comodidade desde o inicio:<\/strong> O noso servizo comeza no propio aeroporto de Santiago de Compostela, o que che aforra a preocupaci\u00f3n de buscar transporte adicional para chegar a Sarria.<\/p>\n<p><strong>Transporte seguro e fiable:<\/strong> os nosos veh\u00edculos est\u00e1n ben conservados e cumpren os m\u00e1is estritos est\u00e1ndares de seguridade. Os nosos condutores experimentados garantenche unha viaxe segura e c\u00f3moda.<\/p>\n<p><strong>Espazo para o Equipamento do Peregrino:<\/strong> Sabemos que levar o equipamento axeitado \u00e9 fundamental para o Cami\u00f1o. Os nosos veh\u00edculos te\u00f1en espazo suficiente para as t\u00faas mochilas e material de sendeirismo.<\/p>\n<p><strong>Conexi\u00f3n co Cami\u00f1o:<\/strong> Ao chegar a Sarria, estar\u00e1s preparado para comezar o teu Cami\u00f1o de Santiago dende un dos puntos m\u00e1is estrat\u00e9xicos. Sarria \u00e9 un punto de partida popular e permitir\u00e1 gozar dun paseo memorable por fermosas paisaxes e lugares hist\u00f3ricos.<\/p>\n\t\t\t\t\t\t\t\t<\/div>\n\t\t\t\t<\/div>\n\t\t\t\t\t<\/div>\n\t\t<\/div>\n\t\t\t\t\t<\/div>\n\t\t<\/section>\n\t\t\t\t<\/div>\n\t\t","protected":false},"excerpt":{"rendered":"<p>Santiago &#8211; Sarria Lev\u00e1moste a Sarria Cando emprendes o Cami\u00f1o de Santiago, a comodidade e a facilidade nas t\u00faas viaxes son imprescindibles. Por iso, ofrec\u00e9mosche un servizo de transporte especializado que che leva desde o aeroporto de Santiago de Compostela ata Sarria, un dos puntos de partida m\u00e1is populares do Cami\u00f1o de Santiago. Reserva Comodidade [&hellip;]<\/p>\n","protected":false},"author":1,"featured_media":0,"parent":0,"menu_order":0,"comment_status":"closed","ping_status":"closed","template":"","meta":{"site-sidebar-layout":"no-sidebar","site-content-layout":"page-builder","ast-site-content-layout":"default","site-content-style":"default","site-sidebar-style":"default","ast-global-header-display":"","ast-banner-title-visibility":"","ast-main-header-display":"","ast-hfb-above-header-display":"","ast-hfb-below-header-display":"","ast-hfb-mobile-header-display":"","site-post-title":"disabled","ast-breadcrumbs-content":"","ast-featured-img":"disabled","footer-sml-layout":"","theme-transparent-header-meta":"enabled","adv-header-id-meta":"","stick-header-meta":"","header-above-stick-meta":"","header-main-stick-meta":"","header-below-stick-meta":"","astra-migrate-meta-layouts":"default","ast-page-background-enabled":"default","ast-page-background-meta":{"desktop":{"background-color":"","background-image":"","background-repeat":"repeat","background-position":"center center","background-size":"auto","background-attachment":"scroll","background-type":"","background-media":"","overlay-type":"","overlay-color":"","overlay-opacity":"","overlay-gradient":""},"tablet":{"background-color":"","background-image":"","background-repeat":"repeat","background-position":"center center","background-size":"auto","background-attachment":"scroll","background-type":"","background-media":"","overlay-type":"","overlay-color":"","overlay-opacity":"","overlay-gradient":""},"mobile":{"background-color":"","background-image":"","background-repeat":"repeat","background-position":"center center","background-size":"auto","background-attachment":"scroll","background-type":"","background-media":"","overlay-type":"","overlay-color":"","overlay-opacity":"","overlay-gradient":""}},"ast-content-background-meta":{"desktop":{"background-color":"var(--ast-global-color-5)","background-image":"","background-repeat":"repeat","background-position":"center center","background-size":"auto","background-attachment":"scroll","background-type":"","background-media":"","overlay-type":"","overlay-color":"","overlay-opacity":"","overlay-gradient":""},"tablet":{"background-color":"var(--ast-global-color-5)","background-image":"","background-repeat":"repeat","background-position":"center center","background-size":"auto","background-attachment":"scroll","background-type":"","background-media":"","overlay-type":"","overlay-color":"","overlay-opacity":"","overlay-gradient":""},"mobile":{"background-color":"var(--ast-global-color-5)","background-image":"","background-repeat":"repeat","background-position":"center center","background-size":"auto","background-attachment":"scroll","background-type":"","background-media":"","overlay-type":"","overlay-color":"","overlay-opacity":"","overlay-gradient":""}},"footnotes":""},"class_list":["post-1330","page","type-page","status-publish","hentry"],"yoast_head":"<!-- This site is optimized with the Yoast SEO plugin v25.9 - https:\/\/yoast.com\/wordpress\/plugins\/seo\/ -->\n<title>Traslado de peregrinos - Autocares Reboleira<\/title>\n<meta name=\"robots\" content=\"index, follow, max-snippet:-1, max-image-preview:large, max-video-preview:-1\" \/>\n<link rel=\"canonical\" href=\"https:\/\/autocaresreboleira.com\/gl\/camino-de-santiago\/\" \/>\n<meta property=\"og:locale\" content=\"gl_ES\" \/>\n<meta property=\"og:type\" content=\"article\" \/>\n<meta property=\"og:title\" content=\"Traslado de peregrinos - Autocares Reboleira\" \/>\n<meta property=\"og:description\" content=\"Santiago &#8211; Sarria Lev\u00e1moste a Sarria Cando emprendes o Cami\u00f1o de Santiago, a comodidade e a facilidade nas t\u00faas viaxes son imprescindibles. Por iso, ofrec\u00e9mosche un servizo de transporte especializado que che leva desde o aeroporto de Santiago de Compostela ata Sarria, un dos puntos de partida m\u00e1is populares do Cami\u00f1o de Santiago. Reserva Comodidade [&hellip;]\" \/>\n<meta property=\"og:url\" content=\"https:\/\/autocaresreboleira.com\/gl\/camino-de-santiago\/\" \/>\n<meta property=\"og:site_name\" content=\"Autocares Reboleira\" \/>\n<meta property=\"article:modified_time\" content=\"2024-03-14T11:59:00+00:00\" \/>\n<meta property=\"og:image\" content=\"https:\/\/autocaresreboleira.com\/wp-content\/uploads\/2024\/01\/Diseno-sin-titulo-56.jpg\" \/>\n<meta name=\"twitter:card\" content=\"summary_large_image\" \/>\n<meta name=\"twitter:label1\" content=\"Tempo de lectura\" \/>\n\t<meta name=\"twitter:data1\" content=\"1 minuto\" \/>\n<script type=\"application\/ld+json\" class=\"yoast-schema-graph\">{\"@context\":\"https:\/\/schema.org\",\"@graph\":[{\"@type\":\"WebPage\",\"@id\":\"https:\/\/autocaresreboleira.com\/gl\/camino-de-santiago\/\",\"url\":\"https:\/\/autocaresreboleira.com\/gl\/camino-de-santiago\/\",\"name\":\"Traslado de peregrinos - Autocares Reboleira\",\"isPartOf\":{\"@id\":\"https:\/\/autocaresreboleira.com\/#website\"},\"primaryImageOfPage\":{\"@id\":\"https:\/\/autocaresreboleira.com\/gl\/camino-de-santiago\/#primaryimage\"},\"image\":{\"@id\":\"https:\/\/autocaresreboleira.com\/gl\/camino-de-santiago\/#primaryimage\"},\"thumbnailUrl\":\"https:\/\/autocaresreboleira.com\/wp-content\/uploads\/2024\/01\/Diseno-sin-titulo-56.jpg\",\"datePublished\":\"2024-01-18T10:56:41+00:00\",\"dateModified\":\"2024-03-14T11:59:00+00:00\",\"breadcrumb\":{\"@id\":\"https:\/\/autocaresreboleira.com\/gl\/camino-de-santiago\/#breadcrumb\"},\"inLanguage\":\"gl-ES\",\"potentialAction\":[{\"@type\":\"ReadAction\",\"target\":[\"https:\/\/autocaresreboleira.com\/gl\/camino-de-santiago\/\"]}]},{\"@type\":\"ImageObject\",\"inLanguage\":\"gl-ES\",\"@id\":\"https:\/\/autocaresreboleira.com\/gl\/camino-de-santiago\/#primaryimage\",\"url\":\"https:\/\/autocaresreboleira.com\/wp-content\/uploads\/2024\/01\/Diseno-sin-titulo-56.jpg\",\"contentUrl\":\"https:\/\/autocaresreboleira.com\/wp-content\/uploads\/2024\/01\/Diseno-sin-titulo-56.jpg\"},{\"@type\":\"BreadcrumbList\",\"@id\":\"https:\/\/autocaresreboleira.com\/gl\/camino-de-santiago\/#breadcrumb\",\"itemListElement\":[{\"@type\":\"ListItem\",\"position\":1,\"name\":\"Portada\",\"item\":\"https:\/\/autocaresreboleira.com\/\"},{\"@type\":\"ListItem\",\"position\":2,\"name\":\"Traslado de peregrinos\"}]},{\"@type\":\"WebSite\",\"@id\":\"https:\/\/autocaresreboleira.com\/#website\",\"url\":\"https:\/\/autocaresreboleira.com\/\",\"name\":\"Autocares Reboleira\",\"description\":\"Sitio web de Autocares Reboleira\",\"publisher\":{\"@id\":\"https:\/\/autocaresreboleira.com\/#organization\"},\"potentialAction\":[{\"@type\":\"SearchAction\",\"target\":{\"@type\":\"EntryPoint\",\"urlTemplate\":\"https:\/\/autocaresreboleira.com\/?s={search_term_string}\"},\"query-input\":{\"@type\":\"PropertyValueSpecification\",\"valueRequired\":true,\"valueName\":\"search_term_string\"}}],\"inLanguage\":\"gl-ES\"},{\"@type\":\"Organization\",\"@id\":\"https:\/\/autocaresreboleira.com\/#organization\",\"name\":\"Autocares Reboleira\",\"url\":\"https:\/\/autocaresreboleira.com\/\",\"logo\":{\"@type\":\"ImageObject\",\"inLanguage\":\"gl-ES\",\"@id\":\"https:\/\/autocaresreboleira.com\/#\/schema\/logo\/image\/\",\"url\":\"https:\/\/autocaresreboleira.com\/wp-content\/uploads\/2024\/01\/before-after-3-e1705561598325.png\",\"contentUrl\":\"https:\/\/autocaresreboleira.com\/wp-content\/uploads\/2024\/01\/before-after-3-e1705561598325.png\",\"width\":219,\"height\":113,\"caption\":\"Autocares Reboleira\"},\"image\":{\"@id\":\"https:\/\/autocaresreboleira.com\/#\/schema\/logo\/image\/\"}}]}<\/script>\n<!-- \/ Yoast SEO plugin. -->","yoast_head_json":{"title":"Traslado de peregrinos - Autocares Reboleira","robots":{"index":"index","follow":"follow","max-snippet":"max-snippet:-1","max-image-preview":"max-image-preview:large","max-video-preview":"max-video-preview:-1"},"canonical":"https:\/\/autocaresreboleira.com\/gl\/camino-de-santiago\/","og_locale":"gl_ES","og_type":"article","og_title":"Traslado de peregrinos - Autocares Reboleira","og_description":"Santiago &#8211; Sarria Lev\u00e1moste a Sarria Cando emprendes o Cami\u00f1o de Santiago, a comodidade e a facilidade nas t\u00faas viaxes son imprescindibles. Por iso, ofrec\u00e9mosche un servizo de transporte especializado que che leva desde o aeroporto de Santiago de Compostela ata Sarria, un dos puntos de partida m\u00e1is populares do Cami\u00f1o de Santiago. Reserva Comodidade [&hellip;]","og_url":"https:\/\/autocaresreboleira.com\/gl\/camino-de-santiago\/","og_site_name":"Autocares Reboleira","article_modified_time":"2024-03-14T11:59:00+00:00","og_image":[{"url":"https:\/\/autocaresreboleira.com\/wp-content\/uploads\/2024\/01\/Diseno-sin-titulo-56.jpg","type":"","width":"","height":""}],"twitter_card":"summary_large_image","twitter_misc":{"Tempo de lectura":"1 minuto"},"schema":{"@context":"https:\/\/schema.org","@graph":[{"@type":"WebPage","@id":"https:\/\/autocaresreboleira.com\/gl\/camino-de-santiago\/","url":"https:\/\/autocaresreboleira.com\/gl\/camino-de-santiago\/","name":"Traslado de peregrinos - Autocares Reboleira","isPartOf":{"@id":"https:\/\/autocaresreboleira.com\/#website"},"primaryImageOfPage":{"@id":"https:\/\/autocaresreboleira.com\/gl\/camino-de-santiago\/#primaryimage"},"image":{"@id":"https:\/\/autocaresreboleira.com\/gl\/camino-de-santiago\/#primaryimage"},"thumbnailUrl":"https:\/\/autocaresreboleira.com\/wp-content\/uploads\/2024\/01\/Diseno-sin-titulo-56.jpg","datePublished":"2024-01-18T10:56:41+00:00","dateModified":"2024-03-14T11:59:00+00:00","breadcrumb":{"@id":"https:\/\/autocaresreboleira.com\/gl\/camino-de-santiago\/#breadcrumb"},"inLanguage":"gl-ES","potentialAction":[{"@type":"ReadAction","target":["https:\/\/autocaresreboleira.com\/gl\/camino-de-santiago\/"]}]},{"@type":"ImageObject","inLanguage":"gl-ES","@id":"https:\/\/autocaresreboleira.com\/gl\/camino-de-santiago\/#primaryimage","url":"https:\/\/autocaresreboleira.com\/wp-content\/uploads\/2024\/01\/Diseno-sin-titulo-56.jpg","contentUrl":"https:\/\/autocaresreboleira.com\/wp-content\/uploads\/2024\/01\/Diseno-sin-titulo-56.jpg"},{"@type":"BreadcrumbList","@id":"https:\/\/autocaresreboleira.com\/gl\/camino-de-santiago\/#breadcrumb","itemListElement":[{"@type":"ListItem","position":1,"name":"Portada","item":"https:\/\/autocaresreboleira.com\/"},{"@type":"ListItem","position":2,"name":"Traslado de peregrinos"}]},{"@type":"WebSite","@id":"https:\/\/autocaresreboleira.com\/#website","url":"https:\/\/autocaresreboleira.com\/","name":"Autocares Reboleira","description":"Sitio web de Autocares Reboleira","publisher":{"@id":"https:\/\/autocaresreboleira.com\/#organization"},"potentialAction":[{"@type":"SearchAction","target":{"@type":"EntryPoint","urlTemplate":"https:\/\/autocaresreboleira.com\/?s={search_term_string}"},"query-input":{"@type":"PropertyValueSpecification","valueRequired":true,"valueName":"search_term_string"}}],"inLanguage":"gl-ES"},{"@type":"Organization","@id":"https:\/\/autocaresreboleira.com\/#organization","name":"Autocares Reboleira","url":"https:\/\/autocaresreboleira.com\/","logo":{"@type":"ImageObject","inLanguage":"gl-ES","@id":"https:\/\/autocaresreboleira.com\/#\/schema\/logo\/image\/","url":"https:\/\/autocaresreboleira.com\/wp-content\/uploads\/2024\/01\/before-after-3-e1705561598325.png","contentUrl":"https:\/\/autocaresreboleira.com\/wp-content\/uploads\/2024\/01\/before-after-3-e1705561598325.png","width":219,"height":113,"caption":"Autocares Reboleira"},"image":{"@id":"https:\/\/autocaresreboleira.com\/#\/schema\/logo\/image\/"}}]}},"_links":{"self":[{"href":"https:\/\/autocaresreboleira.com\/gl\/wp-json\/wp\/v2\/pages\/1330","targetHints":{"allow":["GET"]}}],"collection":[{"href":"https:\/\/autocaresreboleira.com\/gl\/wp-json\/wp\/v2\/pages"}],"about":[{"href":"https:\/\/autocaresreboleira.com\/gl\/wp-json\/wp\/v2\/types\/page"}],"author":[{"embeddable":true,"href":"https:\/\/autocaresreboleira.com\/gl\/wp-json\/wp\/v2\/users\/1"}],"replies":[{"embeddable":true,"href":"https:\/\/autocaresreboleira.com\/gl\/wp-json\/wp\/v2\/comments?post=1330"}],"version-history":[{"count":3,"href":"https:\/\/autocaresreboleira.com\/gl\/wp-json\/wp\/v2\/pages\/1330\/revisions"}],"predecessor-version":[{"id":1407,"href":"https:\/\/autocaresreboleira.com\/gl\/wp-json\/wp\/v2\/pages\/1330\/revisions\/1407"}],"wp:attachment":[{"href":"https:\/\/autocaresreboleira.com\/gl\/wp-json\/wp\/v2\/media?parent=1330"}],"curies":[{"name":"wp","href":"https:\/\/api.w.org\/{rel}","templated":true}]}}